{"id":5,"date":"2016-03-21T23:00:18","date_gmt":"2016-03-21T22:00:18","guid":{"rendered":"http:\/\/oeuvre-a-venir.org\/?page_id=5"},"modified":"2025-10-23T15:52:14","modified_gmt":"2025-10-23T14:52:14","slug":"accueil","status":"publish","type":"page","link":"https:\/\/oeuvre-a-venir.org\/","title":{"rendered":"oeuvre-a-venir.org"},"content":{"rendered":"\n<p>Plus de 20 ans apr\u00e8s sa mort, il y a plus d\u2019un h\u00e9ritage de Jacques Derrida. Son nom est m\u00e9connu mais certains de ses mots familiers sont entr\u00e9s dans le langage courant. Sa pr\u00e9sence dans le monde acad\u00e9mique semble avoir d\u00e9cru, mais son mode de pens\u00e9e, ses id\u00e9es se sont r\u00e9pandues. Ses textes sont parfois difficiles \u00e0 trouver, rarement lus, mais ceux qui les connaissent les gardent \u00e0 chaque instant \u00e0 l\u2019esprit. Et surtout dans de nombreux domaines, l\u2019art, la litt\u00e9rature, le th\u00e9\u00e2tre, le cin\u00e9ma ou la danse, et aussi dans la vie sociale, la soci\u00e9t\u00e9 civile, les \u00e9changes culturels, linguistiques ou de population, ses points de vue sont au c\u0153ur des d\u00e9bats et des engagements. C\u2019est pourquoi nous soutenons que son \u0153uvre est toujours en voie de formation, de d\u00e9ploiement. Elle est \u00e0 venir et c\u2019est nous qui en sommes responsables.<\/p>\n\n\n\n<p>Nous devons d\u2019abord nous conna\u00eetre, nous r\u00e9unir. Sans doute y a-t-il encore dans l\u2019universit\u00e9 des lieux o\u00f9 des lecteurs, des \u00e9tudiants, des enseignants se croisent, mais ces lieux restent confidentiels, et la majorit\u00e9 de ceux pour qui Jacques Derrida compte toujours n\u2019y participe pas. Notre initiative est plus large. Nous esp\u00e9rons que tous ceux pour lesquels son travail reste une r\u00e9f\u00e9rence majeure, irrempla\u00e7able, auront une occasion suppl\u00e9mentaire de se rencontrer physiquement, se conna\u00eetre, \u00e9changer. Les colloques sont utiles, indispensables, et aussi les revues, les livres, mais comment se fait-il que dans la ville de Paris o\u00f9 il a enseign\u00e9 si longtemps, il n\u2019y ait aucun lieu o\u00f9 les \u00ab&nbsp;derridiens&nbsp;\u00bb (c\u2019est-\u00e0-dire tous ceux qui h\u00e9ritent, directement ou indirectement, de son enseignement) puissent se retrouver&nbsp;? Rien ne remplace les conversations entre amis, sans la m\u00e9diation d\u2019aucun appareillage. Dans un second temps d\u2019autres types de r\u00e9unions pourraient \u00eatre organis\u00e9es, avec ou sans \u00ab&nbsp;visio&nbsp;\u00bb, nous n\u2019excluons rien, mais dans un premier temps nous proposons simplement d\u2019organiser, en-dehors de toute institution, des rencontres, sans programme ni obligation de produire, sans condition ni justification, sans d\u00e9finir \u00e0 l\u2019avance les champs et les domaines concern\u00e9s. Le lieu et les circonstances sont \u00e0 d\u00e9finir, en fonction du nombre de personnes int\u00e9ress\u00e9es.<\/p>\n\n\n\n<p>&#8212;<\/p>\n\n\n\n<p>Une liste dite de diffusion qui sera, je l\u2019esp\u00e8re, une liste de d\u00e9bat, d\u2019\u00e9change, a \u00e9t\u00e9 cr\u00e9\u00e9e. On peut y souscrire \u00e0 l\u2019adresse :<\/p>\n\n\n\n<ul class=\"wp-block-list\">\n<li>derridiens-subscribe@oeuvre-a-venir.org<\/li>\n<\/ul>\n\n\n\n<p>Merci de bien vouloir vous y inscrire, afin d\u2019entamer la conversation.<\/p>\n\n\n\n<p>(On re\u00e7oit en r\u00e9ponse une lettre de confirmation. Si elle n\u2019arrive pas dans votre bo\u00eete de r\u00e9ception, v\u00e9rifiez dans les ind\u00e9sirables).<\/p>\n\n\n\n<p>(Texte \u00e9crit par Pierre Delain).<\/p>\n\n\n\n<p><\/p>\n","protected":false},"excerpt":{"rendered":"<p>Plus de 20 ans apr\u00e8s sa mort, il y a plus d\u2019un h\u00e9ritage de Jacques Derrida. Son nom est m\u00e9connu mais certains de ses mots familiers sont entr\u00e9s dans le langage courant. Sa pr\u00e9sence&#46;&#46;&#46;<\/p>\n","protected":false},"author":1,"featured_media":0,"parent":0,"menu_order":0,"comment_status":"closed","ping_status":"closed","template":"","meta":{"footnotes":""},"class_list":["post-5","page","type-page","status-publish","hentry"],"_links":{"self":[{"href":"https:\/\/oeuvre-a-venir.org\/index.php?rest_route=\/wp\/v2\/pages\/5","targetHints":{"allow":["GET"]}}],"collection":[{"href":"https:\/\/oeuvre-a-venir.org\/index.php?rest_route=\/wp\/v2\/pages"}],"about":[{"href":"https:\/\/oeuvre-a-venir.org\/index.php?rest_route=\/wp\/v2\/types\/page"}],"author":[{"embeddable":true,"href":"https:\/\/oeuvre-a-venir.org\/index.php?rest_route=\/wp\/v2\/users\/1"}],"replies":[{"embeddable":true,"href":"https:\/\/oeuvre-a-venir.org\/index.php?rest_route=%2Fwp%2Fv2%2Fcomments&post=5"}],"version-history":[{"count":47,"href":"https:\/\/oeuvre-a-venir.org\/index.php?rest_route=\/wp\/v2\/pages\/5\/revisions"}],"predecessor-version":[{"id":165,"href":"https:\/\/oeuvre-a-venir.org\/index.php?rest_route=\/wp\/v2\/pages\/5\/revisions\/165"}],"wp:attachment":[{"href":"https:\/\/oeuvre-a-venir.org\/index.php?rest_route=%2Fwp%2Fv2%2Fmedia&parent=5"}],"curies":[{"name":"wp","href":"https:\/\/api.w.org\/{rel}","templated":true}]}}